{"id":39059,"date":"2023-02-07T10:26:42","date_gmt":"2023-02-07T10:26:42","guid":{"rendered":"https:\/\/terracallaeci.pt\/?page_id=39059"},"modified":"2025-03-17T13:37:21","modified_gmt":"2025-03-17T13:37:21","slug":"onde-ficar-em-boticas","status":"publish","type":"page","link":"https:\/\/terracallaeci.pt\/en\/onde-ficar-em-boticas\/","title":{"rendered":"Where to stay in Boticas"},"content":{"rendered":"<div id=\"tdi_1\" class=\"tdc-zone\"><div class=\"tdc_zone tdi_2  wpb_row td-pb-row\"  >\n<style scoped>\n\/* custom css - generated by TagDiv Composer *\/\n\n\/* custom css - generated by TagDiv Composer *\/\n.tdi_2{\r\n                    min-height: 0;\r\n                }\n<\/style><div id=\"tdi_3\" class=\"tdc-row\"><div class=\"vc_row tdi_4  wpb_row td-pb-row\" >\n<style scoped>\n\/* custom css - generated by TagDiv Composer *\/\n\n\/* custom css - generated by TagDiv Composer *\/\n.tdi_4,\r\n                .tdi_4 .tdc-columns{\r\n                    min-height: 0;\r\n                }.tdi_4,\r\n\t\t\t\t.tdi_4 .tdc-columns{\r\n\t\t\t\t    display: block;\r\n\t\t\t\t}.tdi_4 .tdc-columns{\r\n\t\t\t\t    width: 100%;\r\n\t\t\t\t}.tdi_4:before,\r\n\t\t\t\t.tdi_4:after{\r\n\t\t\t\t    display: table;\r\n\t\t\t\t}\n\/* inline tdc_css att - generated by TagDiv Composer *\/\n\n\/* phone *\/\n@media (max-width: 767px)\n{\n.tdi_4{\npadding-top:- !important;\n}\n}\n\n<\/style><div class=\"vc_column tdi_6  wpb_column vc_column_container tdc-column td-pb-span8\">\n<style scoped>\n\/* custom css - generated by TagDiv Composer *\/\n\n\/* custom css - generated by TagDiv Composer *\/\n.tdi_6{\r\n                    vertical-align: baseline;\r\n                }.tdi_6 > .wpb_wrapper,\r\n\t\t\t\t.tdi_6 > .wpb_wrapper > .tdc-elements{\r\n\t\t\t\t    display: block;\r\n\t\t\t\t}.tdi_6 > .wpb_wrapper > .tdc-elements{\r\n\t\t\t\t    width: 100%;\r\n\t\t\t\t}.tdi_6 > .wpb_wrapper > .vc_row_inner{\r\n\t\t\t\t    width: auto;\r\n\t\t\t\t}.tdi_6 > .wpb_wrapper{\r\n\t\t\t\t    width: auto;\r\n\t\t\t\t    height: auto;\r\n\t\t\t\t}\n<\/style><div class=\"wpb_wrapper\" ><div class=\"td_block_wrap td_flex_block_1 tdi_7 td_with_ajax_pagination td-pb-border-top td_block_template_2 td_flex_block\"  data-td-block-uid=\"tdi_7\" >\n<style>\n.td_block_template_2.widget > ul > li {\r\n                margin-left: 0 !important;\r\n            }\r\n            \r\n            .td_block_template_2 .td-block-title {\r\n                font-size: 17px;\r\n                font-weight: 500;\r\n                margin-top: 0;\r\n                margin-bottom: 16px;\r\n                line-height: 31px;\r\n                text-align: left;\r\n            }\r\n            .td_block_template_2 .td-block-title > * {\r\n                color: var(--td_text_header_color, #000);\r\n            }\r\n            .td_block_template_2 .td-related-title a {\r\n                padding: 0 20px 0 0;\r\n            }\r\n            @media (max-width: 767px) {\r\n                .td_block_template_2 .td-related-title a {\r\n                    font-size: 15px;\r\n                }\r\n            }\r\n            .td_block_template_2 .td-related-title .td-cur-simple-item {\r\n                color: var(--td_theme_color, #4db2ec);\r\n            }\n\/* inline tdc_css att - generated by TagDiv Composer *\/\n\n\/* phone *\/\n@media (max-width: 767px)\n{\n.tdi_7{\npadding-top:15px !important;\n}\n}\n\n<\/style>\n<style>\n\/* custom css - generated by TagDiv Composer *\/\n.tdi_7.custom-tdc-no-posts .td_block_inner{\r\n                    margin-left: 0 !important;\r\n                    margin-right: 0 !important;\r\n                }.tdi_7.custom-tdc-no-posts .td_block_inner:after{\r\n                    content: \"No posts\" !important;\r\n                    display: block !important;\r\n                    font-size: 13px;\r\n                    font-weight: normal;\r\n                    text-align: left;\r\n                    padding: 20px;\r\n                    border: 1px solid rgba(190, 190, 190, 0.35);\r\n                    color: rgba(125, 125, 125, 0.8);\r\n                }.tdi_7 .entry-thumb{\r\n\t\t\t\t\tbackground-position: center 50%;\r\n\t\t\t\t}.tdi_7 .td-module-container{\r\n\t\t\t\t\tflex-direction: column;\r\n\t\t\t\t\r\n\t\t\t\t    border-color: #eaeaea !important;\r\n\t\t\t\t}.tdi_7 .td-image-container{\r\n                \tdisplay: block; order: 0;\r\n                }.ie10 .tdi_7 .td-module-meta-info,\r\n\t\t\t\t.ie11 .tdi_7 .td-module-meta-info{\r\n\t\t\t\t \tflex: auto;\r\n\t\t\t    }body .tdi_7 .td-favorite{\r\n                    font-size: 36px;\r\n                \r\n                    box-shadow:  1px 1px 4px 0px rgba(0, 0, 0, 0.2);\r\n                }.tdi_7 .td-module-meta-info{\r\n\t\t\t\t\tborder-color: #eaeaea;\r\n\t\t\t\t}.tdi_7 .td_module_wrap{\r\n\t\t\t\t\twidth: 50%;\r\n\t\t\t\t\tfloat: left;\r\n\t\t\t\t\r\n\t\t\t\t\tpadding-left: 20px;\r\n\t\t\t\t\tpadding-right: 20px;\r\n\t\t\t\t\r\n\t\t\t\t\tpadding-bottom: 18px;\r\n\t\t\t\t\tmargin-bottom: 18px;\r\n\t\t\t\t}.rtl .tdi_7 .td_module_wrap{\r\n\t\t\t\t\tfloat: right;\r\n\t\t\t\t}.tdi_7 .td_block_inner{\r\n\t\t\t\t\tmargin-left: -20px;\r\n\t\t\t\t\tmargin-right: -20px;\r\n\t\t\t\t}.tdi_7 .td-module-container:before{\r\n\t\t\t\t\tbottom: -18px;\r\n\t\t\t\t\r\n\t\t\t\t\tborder-color: #eaeaea;\r\n\t\t\t\t}.tdi_7 .td-post-vid-time{\r\n\t\t\t\t\tdisplay: none;\r\n\t\t\t\t}.tdi_7 .td-post-category:not(.td-post-extra-category){\r\n\t\t\t\t\tdisplay: none;\r\n\t\t\t\t}.tdi_7 .td-author-photo .avatar{\r\n\t\t\t\t    width: 20px;\r\n\t\t\t\t    height: 20px;\r\n\t\t\t\t\r\n\t\t\t\t    margin-right: 6px;\r\n\t\t\t\t\r\n\t\t\t\t    border-radius: 50%;\r\n\t\t\t\t}.tdi_7 .td-audio-player{\r\n\t\t\t\t\topacity: 1;\r\n\t\t\t\t\tvisibility: visible;\r\n\t\t\t\t\theight: auto;\r\n\t\t\t\t\r\n\t\t\t\t\tfont-size: 13px;\r\n\t\t\t\t}.tdi_7 .td-read-more{\r\n\t\t\t\t\tdisplay: none;\r\n\t\t\t\t}.tdi_7 .td-author-date{\r\n\t\t\t\t\tdisplay: inline;\r\n\t\t\t\t}.tdi_7 .td-post-author-name{\r\n\t\t\t\t\tdisplay: none;\r\n\t\t\t\t}.tdi_7 .td-post-date,\r\n\t\t\t\t.tdi_7 .td-post-author-name span{\r\n\t\t\t\t\tdisplay: inline-block;\r\n\t\t\t\t}.tdi_7 .entry-review-stars{\r\n\t\t\t\t\tdisplay: inline-block;\r\n\t\t\t\t}.tdi_7 .td-icon-star,\r\n                .tdi_7 .td-icon-star-empty,\r\n                .tdi_7 .td-icon-star-half{\r\n\t\t\t\t\tfont-size: 15px;\r\n\t\t\t\t}.tdi_7 .td-module-comments{\r\n\t\t\t\t\tdisplay: block;\r\n\t\t\t\t}.tdi_7 .td_module_wrap:nth-child(2n+1){\r\n\t\t\t\t\tclear: both;\r\n\t\t\t\t}.tdi_7 .td_module_wrap:nth-last-child(-n+2){\r\n\t\t\t\t\tmargin-bottom: 0;\r\n\t\t\t\t\tpadding-bottom: 0;\r\n\t\t\t\t}.tdi_7 .td_module_wrap:nth-last-child(-n+2) .td-module-container:before{\r\n\t\t\t\t\tdisplay: none;\r\n\t\t\t\t}.tdi_7 .td-module-title a{\r\n                    box-shadow: inset 0 0 0 0 #000;\r\n                }.tdi_7 .td-excerpt{\r\n\t\t\t\t\tcolumn-count: 1;\r\n\t\t\t\t\r\n\t\t\t\t\tcolumn-gap: 48px;\r\n\t\t\t\t}html:not([class*='ie']) .tdi_7 .td-module-container:hover .entry-thumb:before{\r\n                    opacity: 0;\r\n                }@media (min-width: 768px) {\r\n                    .tdi_7 .td-module-title a {\r\n                        transition: all 0.2s ease;\r\n                        -webkit-transition: all 0.2s ease;\r\n                    }\r\n                }\n\n\/* landscape *\/\n@media (min-width: 1019px) and (max-width: 1140px){\n.tdi_7 .td_module_wrap{\r\n\t\t\t\t\tpadding-bottom: 18px;\r\n\t\t\t\t\tmargin-bottom: 18px;\r\n\t\t\t\t\r\n\t\t\t\t\tclear: none !important;\r\n\t\t\t\t\r\n\t\t\t\t\tpadding-bottom: 18px !important;\r\n\t\t\t\t\tmargin-bottom: 18px !important;\r\n\t\t\t\t}.tdi_7 .td-module-container:before{\r\n\t\t\t\t\tbottom: -18px;\r\n\t\t\t\t}.tdi_7 .td_module_wrap:nth-child(2n+1){\r\n\t\t\t\t\tclear: both !important;\r\n\t\t\t\t}.tdi_7 .td_module_wrap:nth-last-child(-n+2){\r\n\t\t\t\t\tmargin-bottom: 0 !important;\r\n\t\t\t\t\tpadding-bottom: 0 !important;\r\n\t\t\t\t}.tdi_7 .td_module_wrap .td-module-container:before{\r\n\t\t\t\t\tdisplay: block !important;\r\n\t\t\t\t}.tdi_7 .td_module_wrap:nth-last-child(-n+2) .td-module-container:before{\r\n\t\t\t\t\tdisplay: none !important;\r\n\t\t\t\t}.tdi_7 .td-module-title a{\r\n                    box-shadow: inset 0 0 0 0 #000;\r\n                }@media (min-width: 768px) {\r\n                    .tdi_7 .td-module-title a {\r\n                        transition: all 0.2s ease;\r\n                        -webkit-transition: all 0.2s ease;\r\n                    }\r\n                }\n}\n\n\/* portrait *\/\n@media (min-width: 768px) and (max-width: 1018px){\n.tdi_7 .td_module_wrap{\r\n\t\t\t\t\tpadding-bottom: 18px;\r\n\t\t\t\t\tmargin-bottom: 18px;\r\n\t\t\t\t\r\n\t\t\t\t\tclear: none !important;\r\n\t\t\t\t\r\n\t\t\t\t\tpadding-bottom: 18px !important;\r\n\t\t\t\t\tmargin-bottom: 18px !important;\r\n\t\t\t\t}.tdi_7 .td-module-container:before{\r\n\t\t\t\t\tbottom: -18px;\r\n\t\t\t\t}.tdi_7 .td_module_wrap:nth-child(2n+1){\r\n\t\t\t\t\tclear: both !important;\r\n\t\t\t\t}.tdi_7 .td_module_wrap:nth-last-child(-n+2){\r\n\t\t\t\t\tmargin-bottom: 0 !important;\r\n\t\t\t\t\tpadding-bottom: 0 !important;\r\n\t\t\t\t}.tdi_7 .td_module_wrap .td-module-container:before{\r\n\t\t\t\t\tdisplay: block !important;\r\n\t\t\t\t}.tdi_7 .td_module_wrap:nth-last-child(-n+2) .td-module-container:before{\r\n\t\t\t\t\tdisplay: none !important;\r\n\t\t\t\t}.tdi_7 .td-module-title a{\r\n                    box-shadow: inset 0 0 0 0 #000;\r\n                }@media (min-width: 768px) {\r\n                    .tdi_7 .td-module-title a {\r\n                        transition: all 0.2s ease;\r\n                        -webkit-transition: all 0.2s ease;\r\n                    }\r\n                }\n}\n\n\/* phone *\/\n@media (max-width: 767px){\n.tdi_7 .td_module_wrap{\r\n\t\t\t\t\tpadding-bottom: 18px;\r\n\t\t\t\t\tmargin-bottom: 18px;\r\n\t\t\t\t\r\n\t\t\t\t\tclear: none !important;\r\n\t\t\t\t\r\n\t\t\t\t\tpadding-bottom: 18px !important;\r\n\t\t\t\t\tmargin-bottom: 18px !important;\r\n\t\t\t\t}.tdi_7 .td-module-container:before{\r\n\t\t\t\t\tbottom: -18px;\r\n\t\t\t\t}.tdi_7 .td_module_wrap:nth-child(2n+1){\r\n\t\t\t\t\tclear: both !important;\r\n\t\t\t\t}.tdi_7 .td_module_wrap:nth-last-child(-n+2){\r\n\t\t\t\t\tmargin-bottom: 0 !important;\r\n\t\t\t\t\tpadding-bottom: 0 !important;\r\n\t\t\t\t}.tdi_7 .td_module_wrap .td-module-container:before{\r\n\t\t\t\t\tdisplay: block !important;\r\n\t\t\t\t}.tdi_7 .td_module_wrap:nth-last-child(-n+2) .td-module-container:before{\r\n\t\t\t\t\tdisplay: none !important;\r\n\t\t\t\t}.tdi_7 .td-module-title a{\r\n                    box-shadow: inset 0 0 0 0 #000;\r\n                }@media (min-width: 768px) {\r\n                    .tdi_7 .td-module-title a {\r\n                        transition: all 0.2s ease;\r\n                        -webkit-transition: all 0.2s ease;\r\n                    }\r\n                }\n}\n<\/style><script>var block_tdi_7 = new tdBlock();\nblock_tdi_7.id = \"tdi_7\";\nblock_tdi_7.atts = '{\"modules_on_row\":\"eyJhbGwiOiI1MCUiLCJwaG9uZSI6IjUwJSJ9\",\"limit\":\"10\",\"hide_audio\":\"yes\",\"custom_title\":\"ONDE FICAR EM BOTICAS\",\"block_template_id\":\"td_block_template_2\",\"category_id\":\"5191\",\"sort\":\"alphabetical_order\",\"ajax_pagination\":\"load_more\",\"image_size\":\"td_1068x0\",\"show_vid_t\":\"none\",\"show_cat\":\"none\",\"show_author\":\"none\",\"show_excerpt\":\"\",\"show_btn\":\"none\",\"tdc_css\":\"eyJwaG9uZSI6eyJwYWRkaW5nLXRvcCI6IjE1IiwiZGlzcGxheSI6IiJ9LCJwaG9uZV9tYXhfd2lkdGgiOjc2N30=\",\"block_type\":\"td_flex_block_1\",\"separator\":\"\",\"custom_url\":\"\",\"title_tag\":\"\",\"mc1_tl\":\"\",\"mc1_title_tag\":\"\",\"mc1_el\":\"\",\"post_ids\":\"\",\"taxonomies\":\"\",\"category_ids\":\"\",\"in_all_terms\":\"\",\"tag_slug\":\"\",\"autors_id\":\"\",\"installed_post_types\":\"\",\"include_cf_posts\":\"\",\"exclude_cf_posts\":\"\",\"popular_by_date\":\"\",\"linked_posts\":\"\",\"favourite_only\":\"\",\"offset\":\"\",\"open_in_new_window\":\"\",\"show_modified_date\":\"\",\"time_ago\":\"\",\"time_ago_add_txt\":\"ago\",\"time_ago_txt_pos\":\"\",\"review_source\":\"\",\"el_class\":\"\",\"td_query_cache\":\"\",\"td_query_cache_expiration\":\"\",\"enable_no_posts_message\":\"\",\"no_posts_message\":\"No posts\",\"td_ajax_filter_type\":\"\",\"td_ajax_filter_ids\":\"\",\"td_filter_default_txt\":\"All\",\"td_ajax_preloading\":\"\",\"container_width\":\"\",\"modules_gap\":\"\",\"m_padding\":\"\",\"all_modules_space\":\"36\",\"modules_border_size\":\"\",\"modules_border_style\":\"\",\"modules_border_color\":\"#eaeaea\",\"modules_border_radius\":\"\",\"modules_divider\":\"\",\"modules_divider_color\":\"#eaeaea\",\"h_effect\":\"\",\"image_alignment\":\"50\",\"image_height\":\"\",\"image_width\":\"\",\"image_floated\":\"no_float\",\"image_radius\":\"\",\"hide_image\":\"\",\"show_favourites\":\"\",\"fav_size\":\"2\",\"fav_space\":\"\",\"fav_ico_color\":\"\",\"fav_ico_color_h\":\"\",\"fav_bg\":\"\",\"fav_bg_h\":\"\",\"fav_shadow_shadow_header\":\"\",\"fav_shadow_shadow_title\":\"Shadow\",\"fav_shadow_shadow_size\":\"\",\"fav_shadow_shadow_offset_horizontal\":\"\",\"fav_shadow_shadow_offset_vertical\":\"\",\"fav_shadow_shadow_spread\":\"\",\"fav_shadow_shadow_color\":\"\",\"video_icon\":\"\",\"video_popup\":\"yes\",\"video_rec\":\"\",\"spot_header\":\"\",\"video_rec_title\":\"\",\"video_rec_color\":\"\",\"video_rec_disable\":\"\",\"autoplay_vid\":\"yes\",\"vid_t_margin\":\"\",\"vid_t_padding\":\"\",\"video_title_color\":\"\",\"video_title_color_h\":\"\",\"video_bg\":\"\",\"video_overlay\":\"\",\"vid_t_color\":\"\",\"vid_t_bg_color\":\"\",\"f_vid_title_font_header\":\"\",\"f_vid_title_font_title\":\"Video pop-up article title\",\"f_vid_title_font_settings\":\"\",\"f_vid_title_font_family\":\"\",\"f_vid_title_font_size\":\"\",\"f_vid_title_font_line_height\":\"\",\"f_vid_title_font_style\":\"\",\"f_vid_title_font_weight\":\"\",\"f_vid_title_font_transform\":\"\",\"f_vid_title_font_spacing\":\"\",\"f_vid_title_\":\"\",\"f_vid_time_font_title\":\"Video duration text\",\"f_vid_time_font_settings\":\"\",\"f_vid_time_font_family\":\"\",\"f_vid_time_font_size\":\"\",\"f_vid_time_font_line_height\":\"\",\"f_vid_time_font_style\":\"\",\"f_vid_time_font_weight\":\"\",\"f_vid_time_font_transform\":\"\",\"f_vid_time_font_spacing\":\"\",\"f_vid_time_\":\"\",\"meta_info_align\":\"\",\"meta_info_horiz\":\"layout-default\",\"meta_width\":\"\",\"meta_margin\":\"\",\"meta_padding\":\"\",\"meta_space\":\"\",\"art_title\":\"\",\"art_btn\":\"\",\"meta_info_border_size\":\"\",\"meta_info_border_style\":\"\",\"meta_info_border_color\":\"#eaeaea\",\"meta_info_border_radius\":\"\",\"modules_category\":\"\",\"modules_category_margin\":\"\",\"modules_category_padding\":\"\",\"modules_cat_border\":\"\",\"modules_category_radius\":\"0\",\"modules_extra_cat\":\"\",\"author_photo\":\"\",\"author_photo_size\":\"\",\"author_photo_space\":\"\",\"author_photo_radius\":\"\",\"show_date\":\"inline-block\",\"show_com\":\"block\",\"show_review\":\"inline-block\",\"review_space\":\"\",\"review_size\":\"2.5\",\"review_distance\":\"\",\"art_excerpt\":\"\",\"excerpt_col\":\"1\",\"excerpt_gap\":\"\",\"excerpt_middle\":\"\",\"excerpt_inline\":\"\",\"show_audio\":\"block\",\"art_audio\":\"\",\"art_audio_size\":\"1.5\",\"btn_title\":\"\",\"btn_margin\":\"\",\"btn_padding\":\"\",\"btn_border_width\":\"\",\"btn_radius\":\"\",\"pag_space\":\"\",\"pag_padding\":\"\",\"pag_border_width\":\"\",\"pag_border_radius\":\"\",\"prev_tdicon\":\"\",\"next_tdicon\":\"\",\"pag_icons_size\":\"\",\"f_header_font_header\":\"\",\"f_header_font_title\":\"Block header\",\"f_header_font_settings\":\"\",\"f_header_font_family\":\"\",\"f_header_font_size\":\"\",\"f_header_font_line_height\":\"\",\"f_header_font_style\":\"\",\"f_header_font_weight\":\"\",\"f_header_font_transform\":\"\",\"f_header_font_spacing\":\"\",\"f_header_\":\"\",\"f_ajax_font_title\":\"Ajax categories\",\"f_ajax_font_settings\":\"\",\"f_ajax_font_family\":\"\",\"f_ajax_font_size\":\"\",\"f_ajax_font_line_height\":\"\",\"f_ajax_font_style\":\"\",\"f_ajax_font_weight\":\"\",\"f_ajax_font_transform\":\"\",\"f_ajax_font_spacing\":\"\",\"f_ajax_\":\"\",\"f_more_font_title\":\"Load more button\",\"f_more_font_settings\":\"\",\"f_more_font_family\":\"\",\"f_more_font_size\":\"\",\"f_more_font_line_height\":\"\",\"f_more_font_style\":\"\",\"f_more_font_weight\":\"\",\"f_more_font_transform\":\"\",\"f_more_font_spacing\":\"\",\"f_more_\":\"\",\"f_title_font_header\":\"\",\"f_title_font_title\":\"Article title\",\"f_title_font_settings\":\"\",\"f_title_font_family\":\"\",\"f_title_font_size\":\"\",\"f_title_font_line_height\":\"\",\"f_title_font_style\":\"\",\"f_title_font_weight\":\"\",\"f_title_font_transform\":\"\",\"f_title_font_spacing\":\"\",\"f_title_\":\"\",\"f_cat_font_title\":\"Article category tag\",\"f_cat_font_settings\":\"\",\"f_cat_font_family\":\"\",\"f_cat_font_size\":\"\",\"f_cat_font_line_height\":\"\",\"f_cat_font_style\":\"\",\"f_cat_font_weight\":\"\",\"f_cat_font_transform\":\"\",\"f_cat_font_spacing\":\"\",\"f_cat_\":\"\",\"f_meta_font_title\":\"Article meta info\",\"f_meta_font_settings\":\"\",\"f_meta_font_family\":\"\",\"f_meta_font_size\":\"\",\"f_meta_font_line_height\":\"\",\"f_meta_font_style\":\"\",\"f_meta_font_weight\":\"\",\"f_meta_font_transform\":\"\",\"f_meta_font_spacing\":\"\",\"f_meta_\":\"\",\"f_ex_font_title\":\"Article excerpt\",\"f_ex_font_settings\":\"\",\"f_ex_font_family\":\"\",\"f_ex_font_size\":\"\",\"f_ex_font_line_height\":\"\",\"f_ex_font_style\":\"\",\"f_ex_font_weight\":\"\",\"f_ex_font_transform\":\"\",\"f_ex_font_spacing\":\"\",\"f_ex_\":\"\",\"f_btn_font_title\":\"Article read more button\",\"f_btn_font_settings\":\"\",\"f_btn_font_family\":\"\",\"f_btn_font_size\":\"\",\"f_btn_font_line_height\":\"\",\"f_btn_font_style\":\"\",\"f_btn_font_weight\":\"\",\"f_btn_font_transform\":\"\",\"f_btn_font_spacing\":\"\",\"f_btn_\":\"\",\"mix_color\":\"\",\"mix_type\":\"\",\"fe_brightness\":\"1\",\"fe_contrast\":\"1\",\"fe_saturate\":\"1\",\"mix_color_h\":\"\",\"mix_type_h\":\"\",\"fe_brightness_h\":\"1\",\"fe_contrast_h\":\"1\",\"fe_saturate_h\":\"1\",\"m_bg\":\"\",\"color_overlay\":\"\",\"shadow_shadow_header\":\"\",\"shadow_shadow_title\":\"Module Shadow\",\"shadow_shadow_size\":\"\",\"shadow_shadow_offset_horizontal\":\"\",\"shadow_shadow_offset_vertical\":\"\",\"shadow_shadow_spread\":\"\",\"shadow_shadow_color\":\"\",\"title_txt\":\"\",\"title_txt_hover\":\"\",\"all_underline_height\":\"\",\"all_underline_color\":\"\",\"cat_style\":\"\",\"cat_bg\":\"\",\"cat_bg_hover\":\"\",\"cat_txt\":\"\",\"cat_txt_hover\":\"\",\"cat_border\":\"\",\"cat_border_hover\":\"\",\"meta_bg\":\"\",\"author_txt\":\"\",\"author_txt_hover\":\"\",\"date_txt\":\"\",\"ex_txt\":\"\",\"com_bg\":\"\",\"com_txt\":\"\",\"rev_txt\":\"\",\"audio_btn_color\":\"\",\"audio_time_color\":\"\",\"audio_bar_color\":\"\",\"audio_bar_curr_color\":\"\",\"shadow_m_shadow_header\":\"\",\"shadow_m_shadow_title\":\"Meta info shadow\",\"shadow_m_shadow_size\":\"\",\"shadow_m_shadow_offset_horizontal\":\"\",\"shadow_m_shadow_offset_vertical\":\"\",\"shadow_m_shadow_spread\":\"\",\"shadow_m_shadow_color\":\"\",\"btn_bg\":\"\",\"btn_bg_hover\":\"\",\"btn_txt\":\"\",\"btn_txt_hover\":\"\",\"btn_border\":\"\",\"btn_border_hover\":\"\",\"pag_text\":\"\",\"pag_h_text\":\"\",\"pag_bg\":\"\",\"pag_h_bg\":\"\",\"pag_border\":\"\",\"pag_h_border\":\"\",\"ajax_pagination_next_prev_swipe\":\"\",\"ajax_pagination_infinite_stop\":\"\",\"css\":\"\",\"td_column_number\":2,\"header_color\":\"\",\"color_preset\":\"\",\"border_top\":\"\",\"class\":\"tdi_7\",\"tdc_css_class\":\"tdi_7\",\"tdc_css_class_style\":\"tdi_7_rand_style\"}';\nblock_tdi_7.td_column_number = \"2\";\nblock_tdi_7.block_type = \"td_flex_block_1\";\nblock_tdi_7.post_count = \"10\";\nblock_tdi_7.found_posts = \"12\";\nblock_tdi_7.header_color = \"\";\nblock_tdi_7.ajax_pagination_infinite_stop = \"\";\nblock_tdi_7.max_num_pages = \"2\";\ntdBlocksArray.push(block_tdi_7);\n<\/script><div class=\"td-block-title-wrap\"><h4 class=\"td-block-title\"><span class=\"td-pulldown-size\">ONDE FICAR EM BOTICAS<\/span><\/h4><\/div><div id=tdi_7 class=\"td_block_inner td-mc1-wrap\">\r\n        <div class=\"td_module_flex td_module_flex_1 td_module_wrap td-animation-stack td-meta-info-hide td-cpt-post\">\r\n            <div class=\"td-module-container td-category-pos-\">\r\n                                    <div class=\"td-image-container\">\r\n                                                <div class=\"td-module-thumb\"><a href=\"https:\/\/terracallaeci.pt\/en\/2017\/02\/boticas-hotel-art-spa\/\"  rel=\"bookmark\" class=\"td-image-wrap td-module-video-modal\" title=\"Boticas Hotel Art &#038; Spa ****\" data-video-source=\"youtube\" data-video-autoplay=\"yes\" data-video-url=\"https:\/\/youtu.be\/h8UdmP1tP5U?si=0NJDTjiXiYiBsIxD\"><span class=\"entry-thumb td-thumb-css\" data-type=\"css_image\" data-img-url=\"https:\/\/terracallaeci.pt\/wp-content\/uploads\/2017\/02\/Sofia_Amaral-414-Edit-1068x712.jpg\"  ><\/span><span class=\"td-video-play-ico\"><i class=\"td-icon-video-thumb-play\"><\/i><\/span><\/a><\/div>                        <div class=\"td-post-vid-time\">00:02:43<\/div>                                            <\/div>\r\n                \r\n                <div class=\"td-module-meta-info\">\r\n                                        \r\n                    <h3 class=\"entry-title td-module-title\"><a href=\"https:\/\/terracallaeci.pt\/en\/2017\/02\/boticas-hotel-art-spa\/\"  rel=\"bookmark\" title=\"Boticas Hotel Art &#038; Spa ****\">Boticas Hotel Art &#038; Spa ****<\/a><\/h3>\r\n                    \r\n                                            <div class=\"td-editor-date\">\r\n                                                        \r\n                                                            <span class=\"td-author-date\">\r\n                                                                                                                                                                                                                    <\/span>\r\n                                                    <\/div>\r\n                    \r\n                    <div class=\"td-excerpt\">\n\n\n\n\nSituado junto ao Centro de Artes Nadir Afonso, o Boticas Hotel Art &amp; Spa \u00e9 um ref\u00fagio contempor\u00e2neo no cora\u00e7\u00e3o do Barroso, Patrim\u00f3nio Agr\u00edcola...<\/div>\r\n                    \r\n                                    <\/div>\r\n            <\/div>\r\n        <\/div>\r\n\r\n        \r\n        <div class=\"td_module_flex td_module_flex_1 td_module_wrap td-animation-stack td-meta-info-hide td-cpt-post\">\r\n            <div class=\"td-module-container td-category-pos-\">\r\n                                    <div class=\"td-image-container\">\r\n                                                <div class=\"td-module-thumb\"><a href=\"https:\/\/terracallaeci.pt\/en\/2017\/11\/casa-da-eira-longa-vilar\/\"  rel=\"bookmark\" class=\"td-image-wrap \" title=\"Casa da Eira Longa\" ><span class=\"entry-thumb td-thumb-css\" data-type=\"css_image\" data-img-url=\"https:\/\/terracallaeci.pt\/wp-content\/uploads\/2017\/11\/eiralonga-1068x712.jpg\"  ><\/span><\/a><\/div>                                                                    <\/div>\r\n                \r\n                <div class=\"td-module-meta-info\">\r\n                                        \r\n                    <h3 class=\"entry-title td-module-title\"><a href=\"https:\/\/terracallaeci.pt\/en\/2017\/11\/casa-da-eira-longa-vilar\/\"  rel=\"bookmark\" title=\"Casa da Eira Longa\">Casa da Eira Longa<\/a><\/h3>\r\n                    \r\n                                            <div class=\"td-editor-date\">\r\n                                                        \r\n                                                            <span class=\"td-author-date\">\r\n                                                                                                                                                                                                                    <\/span>\r\n                                                    <\/div>\r\n                    \r\n                    <div class=\"td-excerpt\">\nRua Central, 9, 5460-512 Vilar-Boticas\n\n\n\nTel.: (+351) 276 415 979 Email: eiralonga@eiralonga.net www.eiralonga.net\n\n\n\n\n\n\n\n\n\n\n\n\n\n\n\n\n<\/div>\r\n                    \r\n                                    <\/div>\r\n            <\/div>\r\n        <\/div>\r\n\r\n        \r\n        <div class=\"td_module_flex td_module_flex_1 td_module_wrap td-animation-stack td-meta-info-hide td-cpt-post\">\r\n            <div class=\"td-module-container td-category-pos-\">\r\n                                    <div class=\"td-image-container\">\r\n                                                <div class=\"td-module-thumb\"><a href=\"https:\/\/terracallaeci.pt\/en\/2021\/05\/casa-do-cruzeiro\/\"  rel=\"bookmark\" class=\"td-image-wrap \" title=\"Casa do Cruzeiro\" ><span class=\"entry-thumb td-thumb-css\" data-type=\"css_image\" data-img-url=\"https:\/\/terracallaeci.pt\/wp-content\/uploads\/2021\/05\/165816856_102375538623309_6454418263839120356_n-1068x1424.jpeg\"  ><\/span><\/a><\/div>                                                                    <\/div>\r\n                \r\n                <div class=\"td-module-meta-info\">\r\n                                        \r\n                    <h3 class=\"entry-title td-module-title\"><a href=\"https:\/\/terracallaeci.pt\/en\/2021\/05\/casa-do-cruzeiro\/\"  rel=\"bookmark\" title=\"Casa do Cruzeiro\">Casa do Cruzeiro<\/a><\/h3>\r\n                    \r\n                                            <div class=\"td-editor-date\">\r\n                                                        \r\n                                                            <span class=\"td-author-date\">\r\n                                                                                                                                                                                                                    <\/span>\r\n                                                    <\/div>\r\n                    \r\n                    <div class=\"td-excerpt\">\n\n\nCom uma localiza\u00e7\u00e3o privilegiada, a poucos metros do Centro Interpretativo do Parque Arqueol\u00f3gico do Vale do Terva (PAVT), esta casa restaurada para turismo rural...<\/div>\r\n                    \r\n                                    <\/div>\r\n            <\/div>\r\n        <\/div>\r\n\r\n        \r\n        <div class=\"td_module_flex td_module_flex_1 td_module_wrap td-animation-stack td-meta-info-hide td-cpt-post\">\r\n            <div class=\"td-module-container td-category-pos-\">\r\n                                    <div class=\"td-image-container\">\r\n                                                <div class=\"td-module-thumb\"><a href=\"https:\/\/terracallaeci.pt\/en\/2022\/02\/casa-do-negroes\/\"  rel=\"bookmark\" class=\"td-image-wrap \" title=\"Casa do Negr\u00f5es\" ><span class=\"entry-thumb td-thumb-css\" data-type=\"css_image\" data-img-url=\"https:\/\/terracallaeci.pt\/wp-content\/uploads\/2022\/02\/104739540_148042566812546_5920327715389246963_n-1068x801.jpeg\"  ><\/span><\/a><\/div>                                                                    <\/div>\r\n                \r\n                <div class=\"td-module-meta-info\">\r\n                                        \r\n                    <h3 class=\"entry-title td-module-title\"><a href=\"https:\/\/terracallaeci.pt\/en\/2022\/02\/casa-do-negroes\/\"  rel=\"bookmark\" title=\"Casa do Negr\u00f5es\">Casa do Negr\u00f5es<\/a><\/h3>\r\n                    \r\n                                            <div class=\"td-editor-date\">\r\n                                                        \r\n                                                            <span class=\"td-author-date\">\r\n                                                                                                                                                                                                                    <\/span>\r\n                                                    <\/div>\r\n                    \r\n                    <div class=\"td-excerpt\">\nRua de Santo Aleixo, 2, 5460-323 Boticas\n\n\n\nTel.: (+351) 933 222 254 Email: casadonegroes@gmail.com \n\n\n\n\n\n\n\n\n\n\n\n\n\n\n\n\n<\/div>\r\n                    \r\n                                    <\/div>\r\n            <\/div>\r\n        <\/div>\r\n\r\n        \r\n        <div class=\"td_module_flex td_module_flex_1 td_module_wrap td-animation-stack td-meta-info-hide td-cpt-post\">\r\n            <div class=\"td-module-container td-category-pos-\">\r\n                                    <div class=\"td-image-container\">\r\n                                                <div class=\"td-module-thumb\"><a href=\"https:\/\/terracallaeci.pt\/en\/2018\/06\/casa-do-pedro-turismo-rural\/\"  rel=\"bookmark\" class=\"td-image-wrap \" title=\"Casa do Pedro\" ><span class=\"entry-thumb td-thumb-css\" data-type=\"css_image\" data-img-url=\"https:\/\/terracallaeci.pt\/wp-content\/uploads\/2019\/06\/pedro-2-1068x712.jpg\"  ><\/span><\/a><\/div>                                                                    <\/div>\r\n                \r\n                <div class=\"td-module-meta-info\">\r\n                                        \r\n                    <h3 class=\"entry-title td-module-title\"><a href=\"https:\/\/terracallaeci.pt\/en\/2018\/06\/casa-do-pedro-turismo-rural\/\"  rel=\"bookmark\" title=\"Casa do Pedro\">Casa do Pedro<\/a><\/h3>\r\n                    \r\n                                            <div class=\"td-editor-date\">\r\n                                                        \r\n                                                            <span class=\"td-author-date\">\r\n                                                                                                                                                                                                                    <\/span>\r\n                                                    <\/div>\r\n                    \r\n                    <div class=\"td-excerpt\">\nRua Direita, 15 (Largo da Capela), 5460-010 Vilarinho Seco-Boticas\n\n\n\nTel.: (+351) 276 444 112\n\n\n\n\n\n\n\n\n\n\n\n\n\n\n\n\n<\/div>\r\n                    \r\n                                    <\/div>\r\n            <\/div>\r\n        <\/div>\r\n\r\n        \r\n        <div class=\"td_module_flex td_module_flex_1 td_module_wrap td-animation-stack td-meta-info-hide td-cpt-post\">\r\n            <div class=\"td-module-container td-category-pos-\">\r\n                                    <div class=\"td-image-container\">\r\n                                                <div class=\"td-module-thumb\"><a href=\"https:\/\/terracallaeci.pt\/en\/2017\/03\/pastoria-mourao\/\"  rel=\"bookmark\" class=\"td-image-wrap \" title=\"Casa Pastoria Mour\u00e3o\" ><span class=\"entry-thumb td-thumb-css\" data-type=\"css_image\" data-img-url=\"https:\/\/terracallaeci.pt\/wp-content\/uploads\/2017\/03\/SAM_3396-1068x712.jpg\"  ><\/span><\/a><\/div>                                                                    <\/div>\r\n                \r\n                <div class=\"td-module-meta-info\">\r\n                                        \r\n                    <h3 class=\"entry-title td-module-title\"><a href=\"https:\/\/terracallaeci.pt\/en\/2017\/03\/pastoria-mourao\/\"  rel=\"bookmark\" title=\"Casa Pastoria Mour\u00e3o\">Casa Pastoria Mour\u00e3o<\/a><\/h3>\r\n                    \r\n                                            <div class=\"td-editor-date\">\r\n                                                        \r\n                                                            <span class=\"td-author-date\">\r\n                                                                                                                                                                                                                    <\/span>\r\n                                                    <\/div>\r\n                    \r\n                    <div class=\"td-excerpt\">\nAtualmente encerrada.\n\n\n\n\n\nTem \u00e0 disposi\u00e7\u00e3o, em regime de alojamento e pequeno-almo\u00e7o, tr\u00eas suites, tr\u00eas quartos de casal e um quarto duplo, todos com vista para...<\/div>\r\n                    \r\n                                    <\/div>\r\n            <\/div>\r\n        <\/div>\r\n\r\n        \r\n        <div class=\"td_module_flex td_module_flex_1 td_module_wrap td-animation-stack td-meta-info-hide td-cpt-post\">\r\n            <div class=\"td-module-container td-category-pos-\">\r\n                                    <div class=\"td-image-container\">\r\n                                                <div class=\"td-module-thumb\"><a href=\"https:\/\/terracallaeci.pt\/en\/2018\/06\/casa-sao-cristovao\/\"  rel=\"bookmark\" class=\"td-image-wrap \" title=\"Casa S\u00e3o Crist\u00f3v\u00e3o\" ><span class=\"entry-thumb td-thumb-css\" data-type=\"css_image\" data-img-url=\"https:\/\/terracallaeci.pt\/wp-content\/uploads\/2018\/06\/casa-sao-cristovao-1068x712.jpg\"  ><\/span><\/a><\/div>                                                                    <\/div>\r\n                \r\n                <div class=\"td-module-meta-info\">\r\n                                        \r\n                    <h3 class=\"entry-title td-module-title\"><a href=\"https:\/\/terracallaeci.pt\/en\/2018\/06\/casa-sao-cristovao\/\"  rel=\"bookmark\" title=\"Casa S\u00e3o Crist\u00f3v\u00e3o\">Casa S\u00e3o Crist\u00f3v\u00e3o<\/a><\/h3>\r\n                    \r\n                                            <div class=\"td-editor-date\">\r\n                                                        \r\n                                                            <span class=\"td-author-date\">\r\n                                                                                                                                                                                                                    <\/span>\r\n                                                    <\/div>\r\n                    \r\n                    <div class=\"td-excerpt\">\nRua 5 de Outubro, 12, 5460-304 Boticas\n\n\n\nTel.: (+351) 276 415 486 Email: info@ruralturismo.net www.ruralturismo.net\n\n\n\n\n\n\n\n\n\n\n\n\n\n\n\n\n<\/div>\r\n                    \r\n                                    <\/div>\r\n            <\/div>\r\n        <\/div>\r\n\r\n        \r\n        <div class=\"td_module_flex td_module_flex_1 td_module_wrap td-animation-stack td-meta-info-hide td-cpt-post\">\r\n            <div class=\"td-module-container td-category-pos-\">\r\n                                    <div class=\"td-image-container\">\r\n                                                <div class=\"td-module-thumb\"><a href=\"https:\/\/terracallaeci.pt\/en\/2021\/08\/casa-sousa-alojamento\/\"  rel=\"bookmark\" class=\"td-image-wrap \" title=\"Casa Sousa Alojamento\" ><span class=\"entry-thumb td-thumb-css\" data-type=\"css_image\" data-img-url=\"https:\/\/terracallaeci.pt\/wp-content\/uploads\/2021\/08\/DECK-1068x712.jpg\"  ><\/span><\/a><\/div>                                                                    <\/div>\r\n                \r\n                <div class=\"td-module-meta-info\">\r\n                                        \r\n                    <h3 class=\"entry-title td-module-title\"><a href=\"https:\/\/terracallaeci.pt\/en\/2021\/08\/casa-sousa-alojamento\/\"  rel=\"bookmark\" title=\"Casa Sousa Alojamento\">Casa Sousa Alojamento<\/a><\/h3>\r\n                    \r\n                                            <div class=\"td-editor-date\">\r\n                                                        \r\n                                                            <span class=\"td-author-date\">\r\n                                                                                                                                                                                                                    <\/span>\r\n                                                    <\/div>\r\n                    \r\n                    <div class=\"td-excerpt\">\n\n\n\n\n\n\n\n\n\n\nLocalizada no cora\u00e7\u00e3o da vila de Boticas, a Casa Sousa est\u00e1 na mesma fam\u00edlia h\u00e1 tr\u00eas gera\u00e7\u00f5es. Foi lar e mercearia da av\u00f3 Rosalina,...<\/div>\r\n                    \r\n                                    <\/div>\r\n            <\/div>\r\n        <\/div>\r\n\r\n        \r\n        <div class=\"td_module_flex td_module_flex_1 td_module_wrap td-animation-stack td-meta-info-hide td-cpt-post\">\r\n            <div class=\"td-module-container td-category-pos-\">\r\n                                    <div class=\"td-image-container\">\r\n                                                <div class=\"td-module-thumb\"><a href=\"https:\/\/terracallaeci.pt\/en\/2017\/02\/hotel-rio-beca\/\"  rel=\"bookmark\" class=\"td-image-wrap \" title=\"Hotel Rio Be\u00e7a ***\" ><span class=\"entry-thumb td-thumb-css\" data-type=\"css_image\" data-img-url=\"https:\/\/terracallaeci.pt\/wp-content\/uploads\/2019\/06\/hotelbec\u0327a-1068x712.jpg\"  ><\/span><\/a><\/div>                                                                    <\/div>\r\n                \r\n                <div class=\"td-module-meta-info\">\r\n                                        \r\n                    <h3 class=\"entry-title td-module-title\"><a href=\"https:\/\/terracallaeci.pt\/en\/2017\/02\/hotel-rio-beca\/\"  rel=\"bookmark\" title=\"Hotel Rio Be\u00e7a ***\">Hotel Rio Be\u00e7a ***<\/a><\/h3>\r\n                    \r\n                                            <div class=\"td-editor-date\">\r\n                                                        \r\n                                                            <span class=\"td-author-date\">\r\n                                                                                                                                                                                                                    <\/span>\r\n                                                    <\/div>\r\n                    \r\n                    <div class=\"td-excerpt\">\nEstrada Nacional 311, Carreira da Lebre, 5460-125 Be\u00e7a-Boticas\n\n\n\nTel.: (+351) 276 413 003 Email: riobeca@gmail.com www.hotelriobeca.com\n\n\n\n\n\n\n\n\n\n\n\n\n\n\n\n\n<\/div>\r\n                    \r\n                                    <\/div>\r\n            <\/div>\r\n        <\/div>\r\n\r\n        \r\n        <div class=\"td_module_flex td_module_flex_1 td_module_wrap td-animation-stack td-meta-info-hide td-cpt-post\">\r\n            <div class=\"td-module-container td-category-pos-\">\r\n                                    <div class=\"td-image-container\">\r\n                                                <div class=\"td-module-thumb\"><a href=\"https:\/\/terracallaeci.pt\/en\/2018\/02\/onde-ficar-natur-houses\/\"  rel=\"bookmark\" class=\"td-image-wrap \" title=\"Natur Houses\" ><span class=\"entry-thumb td-thumb-css\" data-type=\"css_image\" data-img-url=\"https:\/\/terracallaeci.pt\/wp-content\/uploads\/2018\/02\/NATUR-HOUSES-9-1068x712.jpg\"  ><\/span><\/a><\/div>                                                                    <\/div>\r\n                \r\n                <div class=\"td-module-meta-info\">\r\n                                        \r\n                    <h3 class=\"entry-title td-module-title\"><a href=\"https:\/\/terracallaeci.pt\/en\/2018\/02\/onde-ficar-natur-houses\/\"  rel=\"bookmark\" title=\"Natur Houses\">Natur Houses<\/a><\/h3>\r\n                    \r\n                                            <div class=\"td-editor-date\">\r\n                                                        \r\n                                                            <span class=\"td-author-date\">\r\n                                                                                                                                                                                                                    <\/span>\r\n                                                    <\/div>\r\n                    \r\n                    <div class=\"td-excerpt\">\n\n\nLocalizadas no Boticas Parque, no seio de um ambiente florestal \u00fanico, as Natur Houses s\u00e3o o local ideal para carregar baterias, longe da confus\u00e3o...<\/div>\r\n                    \r\n                                    <\/div>\r\n            <\/div>\r\n        <\/div>\r\n\r\n        <\/div><div class=\"td-load-more-wrap\"><a href=\"#\" class=\"td_ajax_load_more td_ajax_load_more_js\" aria-label=\"Carregar mais\" id=\"next-page-tdi_7\" data-td_block_id=\"tdi_7\">Carregar mais<i class=\"td-load-more-icon td-icon-font td-icon-menu-right\"><\/i><\/a><\/div><\/div><\/div><\/div><div class=\"vc_column tdi_9  wpb_column vc_column_container tdc-column td-pb-span4\">\n<style scoped>\n\/* custom css - generated by TagDiv Composer *\/\n\n\/* custom css - generated by TagDiv Composer *\/\n.tdi_9{\r\n                    vertical-align: baseline;\r\n                }.tdi_9 > .wpb_wrapper,\r\n\t\t\t\t.tdi_9 > .wpb_wrapper > .tdc-elements{\r\n\t\t\t\t    display: block;\r\n\t\t\t\t}.tdi_9 > .wpb_wrapper > .tdc-elements{\r\n\t\t\t\t    width: 100%;\r\n\t\t\t\t}.tdi_9 > .wpb_wrapper > .vc_row_inner{\r\n\t\t\t\t    width: auto;\r\n\t\t\t\t}.tdi_9 > .wpb_wrapper{\r\n\t\t\t\t    width: auto;\r\n\t\t\t\t    height: auto;\r\n\t\t\t\t}\n<\/style><div class=\"wpb_wrapper\" ><div class=\"wpb_wrapper td_block_wrap vc_widget_sidebar tdi_11 \" ><aside class=\"td_block_template_10 widget advads_ad_widget-2 altit-widget\"><div id=\"altit-2372073803\"><div class=\"altit-adlabel\">PUB<\/div><div id=\"altit-3223536194\" style=\"margin-left: auto;margin-right: auto;text-align: center;\"><a href=\"https:\/\/www.boticashotel.com\/\" target=\"_blank\" aria-label=\"BH2024\"><img loading=\"lazy\" decoding=\"async\" src=\"https:\/\/terracallaeci.pt\/wp-content\/uploads\/2017\/11\/BH2024.jpg\" alt=\"\"  srcset=\"https:\/\/terracallaeci.pt\/wp-content\/uploads\/2017\/11\/BH2024.jpg 600w, https:\/\/terracallaeci.pt\/wp-content\/uploads\/2017\/11\/BH2024-300x250.jpg 300w, https:\/\/terracallaeci.pt\/wp-content\/uploads\/2017\/11\/BH2024-14x12.jpg 14w, https:\/\/terracallaeci.pt\/wp-content\/uploads\/2017\/11\/BH2024-150x125.jpg 150w, https:\/\/terracallaeci.pt\/wp-content\/uploads\/2017\/11\/BH2024-504x420.jpg 504w\" sizes=\"auto, (max-width: 600px) 100vw, 600px\" width=\"600\" height=\"500\"  style=\"display: inline-block;\" \/><\/a><\/div><\/div><\/aside><aside id=\"custom_html-2\" class=\"widget_text td_block_template_10 widget custom_html-2 widget_custom_html\"><h4 class=\"td-block-title\"><span>SUGEST\u00d5ES<\/span><\/h4><div class=\"textwidget custom-html-widget\">\r\n<div id=\"slider-pro-1\" class=\"slider-pro sp-no-js\" style=\"width: 500px; height: 625px;\">\r\n\t<div class=\"sp-slides\">\r\n\t\t\r\n\t\t<div class=\"sp-slide\">\r\n\t\t\t<a class=\"\" href=\"https:\/\/www.boticashotel.com\/hotel-special-offers.html\" target=\"_self\">\r\n\t\t\t\t<img loading=\"lazy\" decoding=\"async\" class=\"sp-image\" src=\"http:\/\/terracallaeci.pt\/wp-content\/uploads\/2025\/02\/098_Boticas.jpg\" width=\"500\" height=\"625\" \/>\r\n\t\t\t<\/a>\r\n\t\t\t\r\n\t\t\t\r\n\t\t\t<h1 class=\"sp-layer sp-animated sp-black sp-padding\" data-horizontal=\"30\" data-position=\"bottomLeft\" data-vertical=\"30\" data-show-transition=\"right\">SPA DAY\nBoticas Hotel<\/h1>\r\n\t\t<\/div>\r\n\t\t<div class=\"sp-slide\">\r\n\t\t\t<a class=\"\" href=\"https:\/\/terracallaeci.pt\/corguinho\/\" target=\"_self\">\r\n\t\t\t\t<img loading=\"lazy\" decoding=\"async\" class=\"sp-image\" src=\"http:\/\/terracallaeci.pt\/wp-content\/uploads\/2025\/02\/IMG_7895-2.jpg\" width=\"500\" height=\"625\" \/>\r\n\t\t\t<\/a>\r\n\t\t\t\r\n\t\t\t\r\n\t\t\t<h1 class=\"sp-layer sp-animated sp-black sp-padding\" data-horizontal=\"30\" data-position=\"bottomLeft\" data-vertical=\"30\" data-show-transition=\"right\">Merchandising Corguinho<\/h1>\r\n\t\t<\/div>\r\n\t\t<div class=\"sp-slide\">\r\n\t\t\t<a class=\"\" href=\"https:\/\/terracallaeci.pt\/2025\/05\/brunch-no-abstrato\/\" target=\"_self\">\r\n\t\t\t\t<img loading=\"lazy\" decoding=\"async\" class=\"sp-image\" src=\"http:\/\/terracallaeci.pt\/wp-content\/uploads\/2025\/05\/brunch-819x1024.jpg\" width=\"696\" height=\"870\" \/>\r\n\t\t\t<\/a>\r\n\t\t\t\r\n\t\t\t\r\n\t\t\t<h1 class=\"sp-layer sp-animated sp-black sp-padding\" data-horizontal=\"30\" data-position=\"bottomLeft\" data-vertical=\"30\" data-show-transition=\"right\">Brunch no Abstrato<\/h1>\r\n\t\t<\/div>\r\n\t<\/div>\r\n<\/div><\/div><\/aside>\n\t\t<aside id=\"recent-posts-2\" class=\"td_block_template_10 widget recent-posts-2 widget_recent_entries\">\n\t\t<h4 class=\"td-block-title\"><span>Recent Posts<\/span><\/h4>\n\t\t<ul>\n\t\t\t\t\t\t\t\t\t\t\t<li>\n\t\t\t\t\t<a href=\"https:\/\/terracallaeci.pt\/en\/2026\/04\/restaurantes-abstrato-e-rio-beca-distinguidos-pela-confraria-gastronomica-da-carne-barrosa\/\">Restaurantes Abstrato e Rio Be\u00e7a distinguidos pela Confraria Gastron\u00f3mica da Carne Barros\u00e3<\/a>\n\t\t\t\t\t\t\t\t\t<\/li>\n\t\t\t\t\t\t\t\t\t\t\t<li>\n\t\t\t\t\t<a href=\"https:\/\/terracallaeci.pt\/en\/2026\/03\/barrosa-do-focinho-ao-rabo-abstrato-recebe-jantar-especial-com-nuno-diniz\/\">Barros\u00e3 do focinho ao rabo: Abstrato recebe jantar especial com Nuno Diniz<\/a>\n\t\t\t\t\t\t\t\t\t<\/li>\n\t\t\t\t\t\t\t\t\t\t\t<li>\n\t\t\t\t\t<a href=\"https:\/\/terracallaeci.pt\/en\/2026\/02\/sabores-da-estacao-no-abstrato-com-assinatura-da-chef-justa-nobre\/\">Sabores da esta\u00e7\u00e3o no Abstrato, com assinatura de Justa Nobre\u00a0<\/a>\n\t\t\t\t\t\t\t\t\t<\/li>\n\t\t\t\t\t\t\t\t\t\t\t<li>\n\t\t\t\t\t<a href=\"https:\/\/terracallaeci.pt\/en\/2026\/01\/um-nascer-do-sol-especial\/\">Um nascer do sol especial<\/a>\n\t\t\t\t\t\t\t\t\t<\/li>\n\t\t\t\t\t\t\t\t\t\t\t<li>\n\t\t\t\t\t<a href=\"https:\/\/terracallaeci.pt\/en\/2026\/01\/sabores-de-chaves-de-30-de-janeiro-a-1-de-fevereiro\/\">Sabores de Chaves de 30 de janeiro a 1 de fevereiro<\/a>\n\t\t\t\t\t\t\t\t\t<\/li>\n\t\t\t\t\t<\/ul>\n\n\t\t<\/aside><aside id=\"media_image-9\" class=\"td_block_template_10 widget media_image-9 widget_media_image\"><h4 class=\"td-block-title\"><span>INSTAGRAM<\/span><\/h4><a href=\"https:\/\/www.instagram.com\/terracallaeci\/\"><img loading=\"lazy\" decoding=\"async\" width=\"1500\" height=\"1500\" src=\"https:\/\/terracallaeci.pt\/wp-content\/uploads\/2025\/01\/IMG_0803-4.jpg\" class=\"image wp-image-40182  attachment-full size-full\" alt=\"\" style=\"max-width: 100%; height: auto;\" title=\"INSTAGRAM\" srcset=\"https:\/\/terracallaeci.pt\/wp-content\/uploads\/2025\/01\/IMG_0803-4.jpg 1500w, https:\/\/terracallaeci.pt\/wp-content\/uploads\/2025\/01\/IMG_0803-4-300x300.jpg 300w, https:\/\/terracallaeci.pt\/wp-content\/uploads\/2025\/01\/IMG_0803-4-1024x1024.jpg 1024w, https:\/\/terracallaeci.pt\/wp-content\/uploads\/2025\/01\/IMG_0803-4-150x150.jpg 150w, https:\/\/terracallaeci.pt\/wp-content\/uploads\/2025\/01\/IMG_0803-4-768x768.jpg 768w, https:\/\/terracallaeci.pt\/wp-content\/uploads\/2025\/01\/IMG_0803-4-12x12.jpg 12w, https:\/\/terracallaeci.pt\/wp-content\/uploads\/2025\/01\/IMG_0803-4-420x420.jpg 420w, https:\/\/terracallaeci.pt\/wp-content\/uploads\/2025\/01\/IMG_0803-4-696x696.jpg 696w, https:\/\/terracallaeci.pt\/wp-content\/uploads\/2025\/01\/IMG_0803-4-1068x1068.jpg 1068w, https:\/\/terracallaeci.pt\/wp-content\/uploads\/2025\/01\/IMG_0803-4-70x70.jpg 70w, https:\/\/terracallaeci.pt\/wp-content\/uploads\/2025\/01\/IMG_0803-4-140x140.jpg 140w\" sizes=\"auto, (max-width: 1500px) 100vw, 1500px\" \/><\/a><\/aside><aside class=\"td_block_template_10 widget advads_ad_widget-3 altit-widget\"><div id=\"altit-1823169435\"><div class=\"altit-adlabel\">PUB<\/div><div id=\"altit-4091370208\"><a href=\"https:\/\/www.facebook.com\/alojamentocasasousa\" target=\"_blank\" aria-label=\"Casa-Sousa-2023B\"><img loading=\"lazy\" decoding=\"async\" src=\"https:\/\/terracallaeci.pt\/wp-content\/uploads\/2021\/08\/Casa-Sousa-2023B.gif\" alt=\"\"  width=\"600\" height=\"500\"   \/><\/a><\/div><\/div><\/aside><aside id=\"ko_fi_widget-3\" class=\"td_block_template_10 widget ko_fi_widget-3 ko_fi_widget\"><h4 class=\"td-block-title\"><span>Apoie este projeto<\/span><\/h4><div class=\"ko-fi-button\" data-text=\"Ofere\u00e7a um caf\u00e9 ao Tiago!\" data-color=\"#ffb300\" data-code=\"terracallaeci\" id=\"ko_fi_widget_3Html\" style=\"float: none; text-align: left;\" data-title=\"\"><\/div><\/aside><\/div><\/div><\/div><\/div><\/div><\/div><\/div>","protected":false},"excerpt":{"rendered":"","protected":false},"author":1,"featured_media":0,"parent":0,"menu_order":0,"comment_status":"closed","ping_status":"closed","template":"","meta":{"footnotes":""},"class_list":["post-39059","page","type-page","status-publish"],"_links":{"self":[{"href":"https:\/\/terracallaeci.pt\/en\/wp-json\/wp\/v2\/pages\/39059","targetHints":{"allow":["GET"]}}],"collection":[{"href":"https:\/\/terracallaeci.pt\/en\/wp-json\/wp\/v2\/pages"}],"about":[{"href":"https:\/\/terracallaeci.pt\/en\/wp-json\/wp\/v2\/types\/page"}],"author":[{"embeddable":true,"href":"https:\/\/terracallaeci.pt\/en\/wp-json\/wp\/v2\/users\/1"}],"replies":[{"embeddable":true,"href":"https:\/\/terracallaeci.pt\/en\/wp-json\/wp\/v2\/comments?post=39059"}],"version-history":[{"count":0,"href":"https:\/\/terracallaeci.pt\/en\/wp-json\/wp\/v2\/pages\/39059\/revisions"}],"wp:attachment":[{"href":"https:\/\/terracallaeci.pt\/en\/wp-json\/wp\/v2\/media?parent=39059"}],"curies":[{"name":"wp","href":"https:\/\/api.w.org\/{rel}","templated":true}]}}